{"id":12,"date":"2022-03-22T18:16:29","date_gmt":"2022-03-22T18:16:29","guid":{"rendered":"https:\/\/mei-schloeglhof.com\/?page_id=12"},"modified":"2023-05-25T20:04:55","modified_gmt":"2023-05-25T18:04:55","slug":"schafe","status":"publish","type":"page","link":"https:\/\/mei-schloeglhof.com\/index.php\/schafe\/","title":{"rendered":"Schafe"},"content":{"rendered":"\n<div class=\"wp-block-group alignwide is-layout-flow wp-block-group-is-layout-flow\">\n<p>Auf unserem Hof leben <strong><mark style=\"background-color:rgba(0, 0, 0, 0)\" class=\"has-inline-color has-custom-grun-color\">acht&nbsp;Mutterschafe<\/mark><\/strong> und <strong><mark style=\"background-color:rgba(0, 0, 0, 0)\" class=\"has-inline-color has-custom-grun-color\">ein Widder (Maxi)<\/mark><\/strong>. F\u00fcnf der weiblichen Schafe sind eine Texel Ile-de-France Kreuzung, die restlichen drei und der Widder sind reinrassige Texel-Schafe. Unsere L\u00e4mmer wachsen bis zum Schluss in der Herde mit ihren M\u00fcttern auf. Wir sind der Meinung, dass es die Natur am besten wei\u00df, weshalb unsere L\u00e4mmer selbst entscheiden, wann sie beginnen Gras und Heu erg\u00e4nzend zur Muttermilch zu fressen.&nbsp;Sollte eine Flaschenf\u00fctterung notwendig werden, beziehe ich die Birstmilch und die weitere Milch von befreundeten Milchbauern.<\/p>\n\n\n\n<div class=\"wp-block-pb-accordion-item c-accordion__item js-accordion-item no-js\" data-initially-open=\"false\" data-click-to-close=\"true\" data-auto-close=\"true\" data-scroll=\"true\" data-scroll-offset=\"0\" id=\"Rassen\"><h2 id=\"at-120\" class=\"c-accordion__title js-accordion-controller\" role=\"button\">Die Rassen<\/h2><div id=\"ac-120\" class=\"c-accordion__content\">\n<div class=\"wp-block-group is-layout-flow wp-block-group-is-layout-flow\">\n<h4 class=\"wp-block-heading\"><mark style=\"background-color:rgba(0, 0, 0, 0)\" class=\"has-inline-color has-custom-grun-color\">Texel<\/mark><\/h4>\n\n\n\n<figure class=\"wp-block-image size-large is-resized\"><img loading=\"lazy\" decoding=\"async\" src=\"https:\/\/mei-schloeglhof.com\/wp-content\/uploads\/slider3\/IMG_3328-min-1024x682.jpeg\" alt=\"\" class=\"wp-image-492\" width=\"1024\" height=\"682\" srcset=\"https:\/\/mei-schloeglhof.com\/wp-content\/uploads\/slider3\/IMG_3328-min-1024x682.jpeg 1024w, https:\/\/mei-schloeglhof.com\/wp-content\/uploads\/slider3\/IMG_3328-min-300x200.jpeg 300w, https:\/\/mei-schloeglhof.com\/wp-content\/uploads\/slider3\/IMG_3328-min-768x511.jpeg 768w\" sizes=\"auto, (max-width: 1024px) 100vw, 1024px\" \/><\/figure>\n\n\n\n<p><strong>Fleischschafrasse<\/strong><br><strong>Gewicht:<\/strong>&nbsp;80-90 kg (w), 110-120 kg (m)<br><strong>Schur:<\/strong>&nbsp;1-2 Mal pro Jahr<br><strong>Brunstzyklus:<\/strong>&nbsp;saisonal<br><strong>Eignung f\u00fcr:<\/strong>&nbsp;intensive Haltung<\/p>\n\n\n\n<h5 class=\"wp-block-heading\"><mark style=\"background-color:rgba(0, 0, 0, 0)\" class=\"has-inline-color has-custom-grun-color\">Beschreibung<\/mark><\/h5>\n\n\n\n<p class=\"has-text-align-left\">Die Rasse stammt urspr\u00fcnglich von der Insel Texel in Holland und ist weltweit eine der wichtigsten Fleischschafrassen. Das Texel ist ein mittelgro\u00dfes Fleisch<mark style=\"background-color:rgba(0, 0, 0, 0)\" class=\"has-inline-color has-custom-grun-color\">schaf<\/mark>&nbsp;mit einem mittelbreiten, flachen Kopf und ei<mark style=\"background-color:rgba(0, 0, 0, 0)\" class=\"has-inline-color has-custom-grun-color\">nem<\/mark>&nbsp;kurzen, stark bemuskelten Hals. Es hat kleine bis mittelgro\u00dfe, abstehende Ohren, der R\u00fccken ist breit, mit guter Rippenw\u00f6lbung und breiter Nierenpartie. Die Innen- und Au\u00dfenkeulen sind voll bemuskelt, diese extreme Keulenbemuskelung ist auch ein typisches Merkmal f\u00fcr das Texelschaf. Die Wolle ist rein wei\u00df. Das Texel verf\u00fcgt \u00fcber sehr gute Fleischw\u00fcchsigkeit auch bei Weidehaltung und beste Schlachtk\u00f6rperqualit\u00e4t bei geringer Verfettung. Es ist gut geeignet f\u00fcr die Koppelhaltung. Die m\u00e4nnlichen Tiere sind besonders geeignet als Kreuzungspartner zur Qualit\u00e4tsl\u00e4mmererzeugung.<\/p>\n\n\n\n<p>\u00a9 <a href=\"https:\/\/www.alpinetgheep.com\/texel.html\">https:\/\/www.alpinetgheep.com\/texel.html<\/a><\/p>\n<\/div>\n\n\n\n<div style=\"height:48px\" aria-hidden=\"true\" class=\"wp-block-spacer\"><\/div>\n\n\n\n<div class=\"wp-block-group is-layout-flow wp-block-group-is-layout-flow\">\n<h4 class=\"wp-block-heading\"><mark style=\"background-color:rgba(0, 0, 0, 0)\" class=\"has-inline-color has-custom-grun-color\">Ile de France<\/mark><\/h4>\n\n\n\n<figure class=\"wp-block-image size-large is-resized\"><img loading=\"lazy\" decoding=\"async\" src=\"https:\/\/mei-schloeglhof.com\/wp-content\/uploads\/slider3\/IMG_3399-min-1024x682.jpeg\" alt=\"\" class=\"wp-image-488\" width=\"1024\" height=\"682\" srcset=\"https:\/\/mei-schloeglhof.com\/wp-content\/uploads\/slider3\/IMG_3399-min-1024x682.jpeg 1024w, https:\/\/mei-schloeglhof.com\/wp-content\/uploads\/slider3\/IMG_3399-min-300x200.jpeg 300w, https:\/\/mei-schloeglhof.com\/wp-content\/uploads\/slider3\/IMG_3399-min-768x511.jpeg 768w\" sizes=\"auto, (max-width: 1024px) 100vw, 1024px\" \/><\/figure>\n\n\n\n<div class=\"wp-block-media-text alignwide has-media-on-the-right is-stacked-on-mobile\" style=\"grid-template-columns:auto 27%\"><div class=\"wp-block-media-text__content\">\n<p><strong>Fleischschafrasse<\/strong><br><strong>Gewicht:<\/strong>&nbsp;80 kg (w),&nbsp;130 kg (m)<br><strong>Schur:<\/strong>&nbsp;1-2 Mal pro Jahr<br><strong>Brunstzyklus:<\/strong>&nbsp;asaisonal<br><strong>Eignung f\u00fcr:<\/strong>&nbsp;intensive Haltung<\/p>\n<\/div><figure class=\"wp-block-media-text__media\"><img decoding=\"async\" src=\"https:\/\/mei-schloeglhof.com\/wp-content\/uploads\/slider3\/IMG_3344-min.jpeg\" alt=\"\" class=\"wp-image-486 size-full\"\/><\/figure><\/div>\n\n\n\n<h5 class=\"wp-block-heading\"><mark style=\"background-color:rgba(0, 0, 0, 0)\" class=\"has-inline-color has-custom-grun-color\">Beschreibung<\/mark><\/h5>\n\n\n\n<p>Das Ile de France Schaf ist ein sp\u00e4treifes, schweres Schaf, dessen Wolle und behaarte K\u00f6rperteile wei\u00df sind. Der Kopf ist breit und kurz mit geraden Profillinien. Bei alten B\u00f6cken kom<mark style=\"background-color:rgba(0, 0, 0, 0)\" class=\"has-inline-color has-custom-grun-color\">men<\/mark>&nbsp;quer verlaufende Hautfalten \u00fcber dem Nasenr\u00fccken vor. Stehohren, ein kurzer und dicker Hals, ein breiter R\u00fccken, gut bemuskelte Schenkel, kr\u00e4ftiges Fundament und ein hornloser Kopf sind weitere Rassenmerkmale. Hohe t\u00e4gliche Zunahmen (380 g) mit hohen Schlachtungsprozenten (55%) der L\u00e4mmer, bringen eine gute Eignung f\u00fcr die Gebrauchskreuzung mit. Der Brunstzyklus ist asaisonal.<\/p>\n\n\n\n<p>\u00a9 <a href=\"https:\/\/www.alpinetgheep.com\/ile-de-france.html\">https:\/\/www.alpinetgheep.com\/ile-de-france.html<\/a><\/p>\n<\/div>\n<\/div><\/div>\n\n\n\n<div class=\"wp-block-pb-accordion-item c-accordion__item js-accordion-item no-js\" data-initially-open=\"false\" data-click-to-close=\"true\" data-auto-close=\"true\" data-scroll=\"true\" data-scroll-offset=\"0\" id=\"Stall\"><h2 id=\"at-121\" class=\"c-accordion__title js-accordion-controller\" role=\"button\">Der Stall<\/h2><div id=\"ac-121\" class=\"c-accordion__content\">\n<h3 class=\"wp-block-heading has-custom-grun-color has-text-color has-large-font-size\">Eckdaten<\/h3>\n\n\n\n<ul class=\"wp-block-list\">\n<li>46,8 m\u00b2 gro\u00df. (Als Beispiel: F\u00fcr acht Muttertiere ben\u00f6tige ich 6,4 m\u00b2, f\u00fcr den Widder 1,5 m\u00b2 und f\u00fcr 16 L\u00e4mmer 8 m\u00b2 + 30,5 m\u00b2 Auslauf, mindestens zweimal in der Woche. Somit h\u00e4tte ich aufgrund der Futterraufe an zwei Tagen der Woche theoretisch 2 m\u00b2 zu wenig. Und an f\u00fcnf Tagen 28 m\u00b2 zu viel. Wenn ich meine Schafe beobachte, sehe ich aber, dass es so f\u00fcr sie passt.)<\/li>\n\n\n\n<li>S\u00fcdseite (9 m lang): Fenster in den Innenhof<\/li>\n\n\n\n<li>Futterpl\u00e4tze gegen\u00fcber: f\u00fcr Silage oder Gras zum Eingew\u00f6hnen; 3 m Platz davor, um den aktuell verwendeten Stroh- und Silagebinkel zu lagern<\/li>\n\n\n\n<li>2 Schalentr\u00e4nken: links und rechts von den Futterpl\u00e4tzen \u2013 mit 2 m Abstand, um ungehindertes Trinken zu gew\u00e4hrleisten<\/li>\n\n\n\n<li>Gatter: an der kurzen Seite, um die Tiere auf die Weide treiben zu k\u00f6nnen<\/li>\n\n\n\n<li>L\u00e4mmerschlupf: bauen wir bei Bedarf auf, weil sich unsere Tiere oft unter der Heuraufe (2,08 m\u00b2) wohlf\u00fchlen<\/li>\n\n\n\n<li>Heuraufe: ca. 1,5 m Abstand vom Gatter, zur Ab-libitum-F\u00fctterung ohne Verunreinigung<\/li>\n\n\n\n<li>Unsere Schafe stehen auf Tiefstreu: 15 kg Stroh werden t\u00e4glich auf die vorherige Schicht gestreut, bis sie auf die Weide k\u00f6nnen<\/li>\n\n\n\n<li>&#8222;Wohnraum&#8220; von J\u00e4nner &#8211; April und November, Dezember<\/li>\n<\/ul>\n\n\n\n<h3 class=\"wp-block-heading has-custom-grun-color has-text-color has-large-font-size\">Wichtige Quelle: Handbuch \u201eSchafe\u201c<\/h3>\n\n\n\n<figure class=\"wp-block-embed is-type-wp-embed is-provider-tierschutzkonform wp-block-embed-tierschutzkonform\"><div class=\"wp-block-embed__wrapper\">\n<blockquote class=\"wp-embedded-content\" data-secret=\"RtK8jYmwUI\"><a href=\"https:\/\/www.tierschutzkonform.at\/nutztiere\/handbuecher-checklisten\/\">Handb\u00fccher &#038; Checklisten<\/a><\/blockquote><iframe loading=\"lazy\" class=\"wp-embedded-content\" sandbox=\"allow-scripts\" security=\"restricted\" style=\"position: absolute; visibility: hidden;\" title=\"&#8222;Handb\u00fccher &#038; Checklisten&#8220; &#8211; Tierschutzkonform\" src=\"https:\/\/www.tierschutzkonform.at\/nutztiere\/handbuecher-checklisten\/embed\/#?secret=1XlHyAh84d#?secret=RtK8jYmwUI\" data-secret=\"RtK8jYmwUI\" width=\"500\" height=\"282\" frameborder=\"0\" marginwidth=\"0\" marginheight=\"0\" scrolling=\"no\"><\/iframe>\n<\/div><\/figure>\n<\/div><\/div>\n\n\n\n<div class=\"wp-block-pb-accordion-item c-accordion__item js-accordion-item no-js\" data-click-to-close=\"true\" data-auto-close=\"true\" data-scroll=\"true\" data-scroll-offset=\"0\" id=\"Futter\"><h2 id=\"at-129\" class=\"c-accordion__title js-accordion-controller\" role=\"button\">Das Futter<\/h2><div id=\"ac-129\" class=\"c-accordion__content\">\n<p>Unsere Schafe haben ganzj\u00e4hrig Heu zur Verf\u00fcgung, welches aus unged\u00fcngten Wiesen geerntet wird. Da Schafe eigentlich Steppentiere sind und sie das Rauhfutter f\u00fcr ihre Verdauung ben\u00f6tigen. Gras f\u00fcttern wir bereits eine Woche bevor es auf die Weide geht um Bl\u00e4hungen aufgrund des hohen Eiwei\u00dfgehalts des jungen Grases zu vermeiden. Im Winter bekommen sie zus\u00e4tzlich Silage. Die ist wichtig f\u00fcr ihre Eiwei\u00dfzufuhr, da sie im tr\u00e4chtigen Zustand einen erh\u00f6hten Bedarf haben. Ein Mineralleckstein steht jederzeit zur Verf\u00fcgung.<\/p>\n<\/div><\/div>\n\n\n\n<div class=\"wp-block-pb-accordion-item c-accordion__item js-accordion-item no-js\" data-initially-open=\"false\" data-click-to-close=\"true\" data-auto-close=\"true\" data-scroll=\"true\" data-scroll-offset=\"0\" id=\"Weide\"><h2 id=\"at-122\" class=\"c-accordion__title js-accordion-controller\" role=\"button\">Die Weide<\/h2><div id=\"ac-122\" class=\"c-accordion__content\">\n<ul class=\"wp-block-list\">\n<li>unser \u201eBamgortn\u201c<\/li>\n\n\n\n<li>0,56 ha gro\u00df<\/li>\n\n\n\n<li>vier Koppeln<\/li>\n\n\n\n<li>Die Koppelhaltung sorgt daf\u00fcr, dass keine intensive Nutzung der Wiese besteht<\/li>\n\n\n\n<li>In der Mitte: dreiseitig geschlossener Unterstand f\u00fcr die Tiere (eine L\u00e4ngsseite ist offen)<\/li>\n\n\n\n<li>Unterstand: dient als Liegefl\u00e4che bei schlechtem Wetter<\/li>\n\n\n\n<li>Tr\u00e4nken und eine Heuraufe: gegen\u00fcber vom Unterstand<\/li>\n\n\n\n<li>&#8222;Wohnraum&#8220; vom Mai &#8211; Oktober<\/li>\n<\/ul>\n\n\n\n<p>M\u00f6chtest du dir selbst einen Unterstand bauen, findest du im Handbuch \u201eSchafe\u201c immer die aktuellen m\u00b2 Vorgaben f\u00fcr die Liegefl\u00e4che.<\/p>\n<\/div><\/div>\n<\/div>\n","protected":false},"excerpt":{"rendered":"<p>Auf unserem Hof leben acht&nbsp;Mutterschafe und ein Widder (Maxi). F\u00fcnf der weiblichen Schafe sind eine Texel Ile-de-France Kreuzung, die restlichen drei und der Widder sind reinrassige Texel-Schafe. Unsere L\u00e4mmer wachsen bis zum Schluss in der Herde mit ihren M\u00fcttern auf. Wir sind der Meinung, dass es die Natur am besten wei\u00df, weshalb unsere L\u00e4mmer selbst [&hellip;]<\/p>\n","protected":false},"author":1,"featured_media":0,"parent":0,"menu_order":0,"comment_status":"closed","ping_status":"closed","template":"","meta":{"footnotes":""},"class_list":["post-12","page","type-page","status-publish","hentry"],"yoast_head":"<!-- This site is optimized with the Yoast SEO plugin v27.5 - https:\/\/yoast.com\/product\/yoast-seo-wordpress\/ -->\n<title>Schafe - Mei Schloeglhof<\/title>\n<meta name=\"robots\" content=\"index, follow, max-snippet:-1, max-image-preview:large, max-video-preview:-1\" \/>\n<link rel=\"canonical\" href=\"https:\/\/mei-schloeglhof.com\/index.php\/schafe\/\" \/>\n<meta property=\"og:locale\" content=\"de_DE\" \/>\n<meta property=\"og:type\" content=\"article\" \/>\n<meta property=\"og:title\" content=\"Schafe - Mei Schloeglhof\" \/>\n<meta property=\"og:description\" content=\"Auf unserem Hof leben acht&nbsp;Mutterschafe und ein Widder (Maxi). F\u00fcnf der weiblichen Schafe sind eine Texel Ile-de-France Kreuzung, die restlichen drei und der Widder sind reinrassige Texel-Schafe. Unsere L\u00e4mmer wachsen bis zum Schluss in der Herde mit ihren M\u00fcttern auf. Wir sind der Meinung, dass es die Natur am besten wei\u00df, weshalb unsere L\u00e4mmer selbst [&hellip;]\" \/>\n<meta property=\"og:url\" content=\"https:\/\/mei-schloeglhof.com\/index.php\/schafe\/\" \/>\n<meta property=\"og:site_name\" content=\"Mei Schloeglhof\" \/>\n<meta property=\"article:publisher\" content=\"https:\/\/www.facebook.com\/profile.php?id=100087360406260\" \/>\n<meta property=\"article:modified_time\" content=\"2023-05-25T18:04:55+00:00\" \/>\n<meta property=\"og:image\" content=\"https:\/\/mei-schloeglhof.com\/wp-content\/uploads\/slider3\/IMG_3328-min-1024x682.jpeg\" \/>\n<meta name=\"twitter:card\" content=\"summary_large_image\" \/>\n<meta name=\"twitter:label1\" content=\"Gesch\u00e4tzte Lesezeit\" \/>\n\t<meta name=\"twitter:data1\" content=\"6\u00a0Minuten\" \/>\n<script type=\"application\/ld+json\" class=\"yoast-schema-graph\">{\"@context\":\"https:\\\/\\\/schema.org\",\"@graph\":[{\"@type\":\"WebPage\",\"@id\":\"https:\\\/\\\/mei-schloeglhof.com\\\/index.php\\\/schafe\\\/\",\"url\":\"https:\\\/\\\/mei-schloeglhof.com\\\/index.php\\\/schafe\\\/\",\"name\":\"Schafe - Mei Schloeglhof\",\"isPartOf\":{\"@id\":\"https:\\\/\\\/mei-schloeglhof.com\\\/#website\"},\"primaryImageOfPage\":{\"@id\":\"https:\\\/\\\/mei-schloeglhof.com\\\/index.php\\\/schafe\\\/#primaryimage\"},\"image\":{\"@id\":\"https:\\\/\\\/mei-schloeglhof.com\\\/index.php\\\/schafe\\\/#primaryimage\"},\"thumbnailUrl\":\"https:\\\/\\\/mei-schloeglhof.com\\\/wp-content\\\/uploads\\\/slider3\\\/IMG_3328-min-1024x682.jpeg\",\"datePublished\":\"2022-03-22T18:16:29+00:00\",\"dateModified\":\"2023-05-25T18:04:55+00:00\",\"breadcrumb\":{\"@id\":\"https:\\\/\\\/mei-schloeglhof.com\\\/index.php\\\/schafe\\\/#breadcrumb\"},\"inLanguage\":\"de\",\"potentialAction\":[{\"@type\":\"ReadAction\",\"target\":[\"https:\\\/\\\/mei-schloeglhof.com\\\/index.php\\\/schafe\\\/\"]}]},{\"@type\":\"ImageObject\",\"inLanguage\":\"de\",\"@id\":\"https:\\\/\\\/mei-schloeglhof.com\\\/index.php\\\/schafe\\\/#primaryimage\",\"url\":\"https:\\\/\\\/mei-schloeglhof.com\\\/wp-content\\\/uploads\\\/slider3\\\/IMG_3328-min-scaled.jpeg\",\"contentUrl\":\"https:\\\/\\\/mei-schloeglhof.com\\\/wp-content\\\/uploads\\\/slider3\\\/IMG_3328-min-scaled.jpeg\",\"width\":2560,\"height\":1704},{\"@type\":\"BreadcrumbList\",\"@id\":\"https:\\\/\\\/mei-schloeglhof.com\\\/index.php\\\/schafe\\\/#breadcrumb\",\"itemListElement\":[{\"@type\":\"ListItem\",\"position\":1,\"name\":\"Startseite\",\"item\":\"https:\\\/\\\/mei-schloeglhof.com\\\/\"},{\"@type\":\"ListItem\",\"position\":2,\"name\":\"Schafe\"}]},{\"@type\":\"WebSite\",\"@id\":\"https:\\\/\\\/mei-schloeglhof.com\\\/#website\",\"url\":\"https:\\\/\\\/mei-schloeglhof.com\\\/\",\"name\":\"Mei Schloeglhof\",\"description\":\"Regional einkaufen\",\"publisher\":{\"@id\":\"https:\\\/\\\/mei-schloeglhof.com\\\/#organization\"},\"potentialAction\":[{\"@type\":\"SearchAction\",\"target\":{\"@type\":\"EntryPoint\",\"urlTemplate\":\"https:\\\/\\\/mei-schloeglhof.com\\\/?s={search_term_string}\"},\"query-input\":{\"@type\":\"PropertyValueSpecification\",\"valueRequired\":true,\"valueName\":\"search_term_string\"}}],\"inLanguage\":\"de\"},{\"@type\":\"Organization\",\"@id\":\"https:\\\/\\\/mei-schloeglhof.com\\\/#organization\",\"name\":\"Mei Schloeglhof\",\"url\":\"https:\\\/\\\/mei-schloeglhof.com\\\/\",\"logo\":{\"@type\":\"ImageObject\",\"inLanguage\":\"de\",\"@id\":\"https:\\\/\\\/mei-schloeglhof.com\\\/#\\\/schema\\\/logo\\\/image\\\/\",\"url\":\"https:\\\/\\\/mei-schloeglhof.com\\\/wp-content\\\/uploads\\\/2023\\\/05\\\/Logo_SH_04-23.png\",\"contentUrl\":\"https:\\\/\\\/mei-schloeglhof.com\\\/wp-content\\\/uploads\\\/2023\\\/05\\\/Logo_SH_04-23.png\",\"width\":1744,\"height\":1075,\"caption\":\"Mei Schloeglhof\"},\"image\":{\"@id\":\"https:\\\/\\\/mei-schloeglhof.com\\\/#\\\/schema\\\/logo\\\/image\\\/\"},\"sameAs\":[\"https:\\\/\\\/www.facebook.com\\\/profile.php?id=100087360406260\"]}]}<\/script>\n<!-- \/ Yoast SEO plugin. -->","yoast_head_json":{"title":"Schafe - Mei Schloeglhof","robots":{"index":"index","follow":"follow","max-snippet":"max-snippet:-1","max-image-preview":"max-image-preview:large","max-video-preview":"max-video-preview:-1"},"canonical":"https:\/\/mei-schloeglhof.com\/index.php\/schafe\/","og_locale":"de_DE","og_type":"article","og_title":"Schafe - Mei Schloeglhof","og_description":"Auf unserem Hof leben acht&nbsp;Mutterschafe und ein Widder (Maxi). F\u00fcnf der weiblichen Schafe sind eine Texel Ile-de-France Kreuzung, die restlichen drei und der Widder sind reinrassige Texel-Schafe. Unsere L\u00e4mmer wachsen bis zum Schluss in der Herde mit ihren M\u00fcttern auf. Wir sind der Meinung, dass es die Natur am besten wei\u00df, weshalb unsere L\u00e4mmer selbst [&hellip;]","og_url":"https:\/\/mei-schloeglhof.com\/index.php\/schafe\/","og_site_name":"Mei Schloeglhof","article_publisher":"https:\/\/www.facebook.com\/profile.php?id=100087360406260","article_modified_time":"2023-05-25T18:04:55+00:00","og_image":[{"url":"https:\/\/mei-schloeglhof.com\/wp-content\/uploads\/slider3\/IMG_3328-min-1024x682.jpeg","type":"","width":"","height":""}],"twitter_card":"summary_large_image","twitter_misc":{"Gesch\u00e4tzte Lesezeit":"6\u00a0Minuten"},"schema":{"@context":"https:\/\/schema.org","@graph":[{"@type":"WebPage","@id":"https:\/\/mei-schloeglhof.com\/index.php\/schafe\/","url":"https:\/\/mei-schloeglhof.com\/index.php\/schafe\/","name":"Schafe - Mei Schloeglhof","isPartOf":{"@id":"https:\/\/mei-schloeglhof.com\/#website"},"primaryImageOfPage":{"@id":"https:\/\/mei-schloeglhof.com\/index.php\/schafe\/#primaryimage"},"image":{"@id":"https:\/\/mei-schloeglhof.com\/index.php\/schafe\/#primaryimage"},"thumbnailUrl":"https:\/\/mei-schloeglhof.com\/wp-content\/uploads\/slider3\/IMG_3328-min-1024x682.jpeg","datePublished":"2022-03-22T18:16:29+00:00","dateModified":"2023-05-25T18:04:55+00:00","breadcrumb":{"@id":"https:\/\/mei-schloeglhof.com\/index.php\/schafe\/#breadcrumb"},"inLanguage":"de","potentialAction":[{"@type":"ReadAction","target":["https:\/\/mei-schloeglhof.com\/index.php\/schafe\/"]}]},{"@type":"ImageObject","inLanguage":"de","@id":"https:\/\/mei-schloeglhof.com\/index.php\/schafe\/#primaryimage","url":"https:\/\/mei-schloeglhof.com\/wp-content\/uploads\/slider3\/IMG_3328-min-scaled.jpeg","contentUrl":"https:\/\/mei-schloeglhof.com\/wp-content\/uploads\/slider3\/IMG_3328-min-scaled.jpeg","width":2560,"height":1704},{"@type":"BreadcrumbList","@id":"https:\/\/mei-schloeglhof.com\/index.php\/schafe\/#breadcrumb","itemListElement":[{"@type":"ListItem","position":1,"name":"Startseite","item":"https:\/\/mei-schloeglhof.com\/"},{"@type":"ListItem","position":2,"name":"Schafe"}]},{"@type":"WebSite","@id":"https:\/\/mei-schloeglhof.com\/#website","url":"https:\/\/mei-schloeglhof.com\/","name":"Mei Schloeglhof","description":"Regional einkaufen","publisher":{"@id":"https:\/\/mei-schloeglhof.com\/#organization"},"potentialAction":[{"@type":"SearchAction","target":{"@type":"EntryPoint","urlTemplate":"https:\/\/mei-schloeglhof.com\/?s={search_term_string}"},"query-input":{"@type":"PropertyValueSpecification","valueRequired":true,"valueName":"search_term_string"}}],"inLanguage":"de"},{"@type":"Organization","@id":"https:\/\/mei-schloeglhof.com\/#organization","name":"Mei Schloeglhof","url":"https:\/\/mei-schloeglhof.com\/","logo":{"@type":"ImageObject","inLanguage":"de","@id":"https:\/\/mei-schloeglhof.com\/#\/schema\/logo\/image\/","url":"https:\/\/mei-schloeglhof.com\/wp-content\/uploads\/2023\/05\/Logo_SH_04-23.png","contentUrl":"https:\/\/mei-schloeglhof.com\/wp-content\/uploads\/2023\/05\/Logo_SH_04-23.png","width":1744,"height":1075,"caption":"Mei Schloeglhof"},"image":{"@id":"https:\/\/mei-schloeglhof.com\/#\/schema\/logo\/image\/"},"sameAs":["https:\/\/www.facebook.com\/profile.php?id=100087360406260"]}]}},"_links":{"self":[{"href":"https:\/\/mei-schloeglhof.com\/index.php\/wp-json\/wp\/v2\/pages\/12","targetHints":{"allow":["GET"]}}],"collection":[{"href":"https:\/\/mei-schloeglhof.com\/index.php\/wp-json\/wp\/v2\/pages"}],"about":[{"href":"https:\/\/mei-schloeglhof.com\/index.php\/wp-json\/wp\/v2\/types\/page"}],"author":[{"embeddable":true,"href":"https:\/\/mei-schloeglhof.com\/index.php\/wp-json\/wp\/v2\/users\/1"}],"replies":[{"embeddable":true,"href":"https:\/\/mei-schloeglhof.com\/index.php\/wp-json\/wp\/v2\/comments?post=12"}],"version-history":[{"count":83,"href":"https:\/\/mei-schloeglhof.com\/index.php\/wp-json\/wp\/v2\/pages\/12\/revisions"}],"predecessor-version":[{"id":1245,"href":"https:\/\/mei-schloeglhof.com\/index.php\/wp-json\/wp\/v2\/pages\/12\/revisions\/1245"}],"wp:attachment":[{"href":"https:\/\/mei-schloeglhof.com\/index.php\/wp-json\/wp\/v2\/media?parent=12"}],"curies":[{"name":"wp","href":"https:\/\/api.w.org\/{rel}","templated":true}]}}