{"id":717,"date":"2022-12-01T09:12:36","date_gmt":"2022-12-01T07:12:36","guid":{"rendered":"https:\/\/mei-schloeglhof.com\/?page_id=717"},"modified":"2023-03-09T22:35:00","modified_gmt":"2023-03-09T20:35:00","slug":"baumgartn","status":"publish","type":"page","link":"https:\/\/mei-schloeglhof.com\/index.php\/baumgartn\/","title":{"rendered":"Bamgortn"},"content":{"rendered":"\n<div class=\"wp-block-group is-layout-constrained wp-block-group-is-layout-constrained\">\n<h4 class=\"has-text-align-left wp-block-heading\">Er wurde als Herzensprojekt von meinen Schwiegereltern Kundigunde und Rudolf angelegt \u2013 der Bamgortn.<\/h4>\n\n\n\n<p>Er besteht aus 66 B\u00e4umen unterschiedlichen Alters, darunter unterschiedliche Apfelb\u00e4ume, n\u00e4mlich Sorten wie zum Beispiel Klarapfel, Jonathan, Grafensteiner, Bohnapfel aber auch Kirsch-, Weichsel-, Zwetschken-, und Kriecherlb\u00e4ume sowie ein Dirndlstrauch. Nat\u00fcrlich haben wir noch Dorschbirnenb\u00e4ume und weitere Obstb\u00e4ume f\u00fcr unseren Most und Cider im Garten stehen. Die Fr\u00fcchte werden nach der Ernte gereinigt und zu weiteren Spezialit\u00e4ten, wie zu unseren Edelbr\u00e4nden, weiterverarbeitet. Beim \u201eSchnaps\u201c sind die gute Nase und das Fingerspitzengef\u00fchl meiner Schwiegereltern das A und O. F\u00fcr den Cider fehlt uns selbst das richtige \u201eWerkzeug\u201c, weshalb wir dankbar sind, dass dieser von Fam. Sonnleitner \u2013 Mitterholz \u2013 f\u00fcr uns nach unseren Vorstellungen hergestellt wird.<\/p>\n<\/div>\n\n\n\n<figure class=\"wp-block-gallery has-nested-images columns-2 is-cropped wp-block-gallery-1 is-layout-flex wp-block-gallery-is-layout-flex\">\n<figure class=\"wp-block-image size-large\"><img decoding=\"async\" data-id=\"728\" src=\"https:\/\/mei-schloeglhof.com\/wp-content\/uploads\/2022\/12\/Edelbrand025x-1024x683.png\" alt=\"\" class=\"wp-image-728\"\/><\/figure>\n\n\n\n<figure class=\"wp-block-image size-large\"><img decoding=\"async\" data-id=\"729\" src=\"https:\/\/mei-schloeglhof.com\/wp-content\/uploads\/2022\/12\/Likoere@025x-1024x683.png\" alt=\"\" class=\"wp-image-729\"\/><\/figure>\n\n\n\n<figure class=\"wp-block-image size-large\"><img loading=\"lazy\" decoding=\"async\" width=\"1024\" height=\"683\" data-id=\"739\" src=\"https:\/\/mei-schloeglhof.com\/wp-content\/uploads\/2022\/12\/Weichsel-Fruchtaufstrich@025x-1024x683.png\" alt=\"\" class=\"wp-image-739\" srcset=\"https:\/\/mei-schloeglhof.com\/wp-content\/uploads\/2022\/12\/Weichsel-Fruchtaufstrich@025x-1024x683.png 1024w, https:\/\/mei-schloeglhof.com\/wp-content\/uploads\/2022\/12\/Weichsel-Fruchtaufstrich@025x-300x200.png 300w, https:\/\/mei-schloeglhof.com\/wp-content\/uploads\/2022\/12\/Weichsel-Fruchtaufstrich@025x-768x512.png 768w, https:\/\/mei-schloeglhof.com\/wp-content\/uploads\/2022\/12\/Weichsel-Fruchtaufstrich@025x.png 1500w\" sizes=\"auto, (max-width: 1024px) 100vw, 1024px\" \/><\/figure>\n\n\n\n<figure class=\"wp-block-image size-large\"><img loading=\"lazy\" decoding=\"async\" width=\"1024\" height=\"683\" data-id=\"738\" src=\"https:\/\/mei-schloeglhof.com\/wp-content\/uploads\/2022\/12\/Waldheidelbeere-Aufstrich@025x-1024x683.png\" alt=\"\" class=\"wp-image-738\" srcset=\"https:\/\/mei-schloeglhof.com\/wp-content\/uploads\/2022\/12\/Waldheidelbeere-Aufstrich@025x-1024x683.png 1024w, https:\/\/mei-schloeglhof.com\/wp-content\/uploads\/2022\/12\/Waldheidelbeere-Aufstrich@025x-300x200.png 300w, https:\/\/mei-schloeglhof.com\/wp-content\/uploads\/2022\/12\/Waldheidelbeere-Aufstrich@025x-768x512.png 768w, https:\/\/mei-schloeglhof.com\/wp-content\/uploads\/2022\/12\/Waldheidelbeere-Aufstrich@025x.png 1500w\" sizes=\"auto, (max-width: 1024px) 100vw, 1024px\" \/><\/figure>\n<\/figure>\n\n\n\n<figure class=\"wp-block-image size-large\"><img loading=\"lazy\" decoding=\"async\" width=\"1024\" height=\"664\" src=\"https:\/\/mei-schloeglhof.com\/wp-content\/uploads\/2023\/03\/Cider-2-1024x664.jpg\" alt=\"\" class=\"wp-image-832\" srcset=\"https:\/\/mei-schloeglhof.com\/wp-content\/uploads\/2023\/03\/Cider-2-1024x664.jpg 1024w, https:\/\/mei-schloeglhof.com\/wp-content\/uploads\/2023\/03\/Cider-2-300x195.jpg 300w, https:\/\/mei-schloeglhof.com\/wp-content\/uploads\/2023\/03\/Cider-2-768x498.jpg 768w, https:\/\/mei-schloeglhof.com\/wp-content\/uploads\/2023\/03\/Cider-2-1536x996.jpg 1536w, https:\/\/mei-schloeglhof.com\/wp-content\/uploads\/2023\/03\/Cider-2-2048x1328.jpg 2048w\" sizes=\"auto, (max-width: 1024px) 100vw, 1024px\" \/><\/figure>\n","protected":false},"excerpt":{"rendered":"<p>Er wurde als Herzensprojekt von meinen Schwiegereltern Kundigunde und Rudolf angelegt \u2013 der Bamgortn. Er besteht aus 66 B\u00e4umen unterschiedlichen Alters, darunter unterschiedliche Apfelb\u00e4ume, n\u00e4mlich Sorten wie zum Beispiel Klarapfel, Jonathan, Grafensteiner, Bohnapfel aber auch Kirsch-, Weichsel-, Zwetschken-, und Kriecherlb\u00e4ume sowie ein Dirndlstrauch. Nat\u00fcrlich haben wir noch Dorschbirnenb\u00e4ume und weitere Obstb\u00e4ume f\u00fcr unseren Most und [&hellip;]<\/p>\n","protected":false},"author":1,"featured_media":0,"parent":0,"menu_order":0,"comment_status":"closed","ping_status":"closed","template":"","meta":{"footnotes":""},"class_list":["post-717","page","type-page","status-publish","hentry"],"yoast_head":"<!-- This site is optimized with the Yoast SEO plugin v27.5 - https:\/\/yoast.com\/product\/yoast-seo-wordpress\/ -->\n<title>Bamgortn - Mei Schloeglhof<\/title>\n<meta name=\"robots\" content=\"index, follow, max-snippet:-1, max-image-preview:large, max-video-preview:-1\" \/>\n<link rel=\"canonical\" href=\"https:\/\/mei-schloeglhof.com\/index.php\/baumgartn\/\" \/>\n<meta property=\"og:locale\" content=\"de_DE\" \/>\n<meta property=\"og:type\" content=\"article\" \/>\n<meta property=\"og:title\" content=\"Bamgortn - Mei Schloeglhof\" \/>\n<meta property=\"og:description\" content=\"Er wurde als Herzensprojekt von meinen Schwiegereltern Kundigunde und Rudolf angelegt \u2013 der Bamgortn. Er besteht aus 66 B\u00e4umen unterschiedlichen Alters, darunter unterschiedliche Apfelb\u00e4ume, n\u00e4mlich Sorten wie zum Beispiel Klarapfel, Jonathan, Grafensteiner, Bohnapfel aber auch Kirsch-, Weichsel-, Zwetschken-, und Kriecherlb\u00e4ume sowie ein Dirndlstrauch. Nat\u00fcrlich haben wir noch Dorschbirnenb\u00e4ume und weitere Obstb\u00e4ume f\u00fcr unseren Most und [&hellip;]\" \/>\n<meta property=\"og:url\" content=\"https:\/\/mei-schloeglhof.com\/index.php\/baumgartn\/\" \/>\n<meta property=\"og:site_name\" content=\"Mei Schloeglhof\" \/>\n<meta property=\"article:publisher\" content=\"https:\/\/www.facebook.com\/profile.php?id=100087360406260\" \/>\n<meta property=\"article:modified_time\" content=\"2023-03-09T20:35:00+00:00\" \/>\n<meta property=\"og:image\" content=\"https:\/\/mei-schloeglhof.com\/wp-content\/uploads\/2022\/12\/Edelbrand025x-1024x683.png\" \/>\n<meta name=\"twitter:card\" content=\"summary_large_image\" \/>\n<meta name=\"twitter:label1\" content=\"Gesch\u00e4tzte Lesezeit\" \/>\n\t<meta name=\"twitter:data1\" content=\"1\u00a0Minute\" \/>\n<script type=\"application\/ld+json\" class=\"yoast-schema-graph\">{\"@context\":\"https:\\\/\\\/schema.org\",\"@graph\":[{\"@type\":\"WebPage\",\"@id\":\"https:\\\/\\\/mei-schloeglhof.com\\\/index.php\\\/baumgartn\\\/\",\"url\":\"https:\\\/\\\/mei-schloeglhof.com\\\/index.php\\\/baumgartn\\\/\",\"name\":\"Bamgortn - Mei Schloeglhof\",\"isPartOf\":{\"@id\":\"https:\\\/\\\/mei-schloeglhof.com\\\/#website\"},\"primaryImageOfPage\":{\"@id\":\"https:\\\/\\\/mei-schloeglhof.com\\\/index.php\\\/baumgartn\\\/#primaryimage\"},\"image\":{\"@id\":\"https:\\\/\\\/mei-schloeglhof.com\\\/index.php\\\/baumgartn\\\/#primaryimage\"},\"thumbnailUrl\":\"https:\\\/\\\/mei-schloeglhof.com\\\/wp-content\\\/uploads\\\/2022\\\/12\\\/Edelbrand025x-1024x683.png\",\"datePublished\":\"2022-12-01T07:12:36+00:00\",\"dateModified\":\"2023-03-09T20:35:00+00:00\",\"breadcrumb\":{\"@id\":\"https:\\\/\\\/mei-schloeglhof.com\\\/index.php\\\/baumgartn\\\/#breadcrumb\"},\"inLanguage\":\"de\",\"potentialAction\":[{\"@type\":\"ReadAction\",\"target\":[\"https:\\\/\\\/mei-schloeglhof.com\\\/index.php\\\/baumgartn\\\/\"]}]},{\"@type\":\"ImageObject\",\"inLanguage\":\"de\",\"@id\":\"https:\\\/\\\/mei-schloeglhof.com\\\/index.php\\\/baumgartn\\\/#primaryimage\",\"url\":\"https:\\\/\\\/mei-schloeglhof.com\\\/wp-content\\\/uploads\\\/2022\\\/12\\\/Edelbrand025x-e1673638228992.png\",\"contentUrl\":\"https:\\\/\\\/mei-schloeglhof.com\\\/wp-content\\\/uploads\\\/2022\\\/12\\\/Edelbrand025x-e1673638228992.png\",\"width\":1500,\"height\":1000},{\"@type\":\"BreadcrumbList\",\"@id\":\"https:\\\/\\\/mei-schloeglhof.com\\\/index.php\\\/baumgartn\\\/#breadcrumb\",\"itemListElement\":[{\"@type\":\"ListItem\",\"position\":1,\"name\":\"Startseite\",\"item\":\"https:\\\/\\\/mei-schloeglhof.com\\\/\"},{\"@type\":\"ListItem\",\"position\":2,\"name\":\"Bamgortn\"}]},{\"@type\":\"WebSite\",\"@id\":\"https:\\\/\\\/mei-schloeglhof.com\\\/#website\",\"url\":\"https:\\\/\\\/mei-schloeglhof.com\\\/\",\"name\":\"Mei Schloeglhof\",\"description\":\"Regional einkaufen\",\"publisher\":{\"@id\":\"https:\\\/\\\/mei-schloeglhof.com\\\/#organization\"},\"potentialAction\":[{\"@type\":\"SearchAction\",\"target\":{\"@type\":\"EntryPoint\",\"urlTemplate\":\"https:\\\/\\\/mei-schloeglhof.com\\\/?s={search_term_string}\"},\"query-input\":{\"@type\":\"PropertyValueSpecification\",\"valueRequired\":true,\"valueName\":\"search_term_string\"}}],\"inLanguage\":\"de\"},{\"@type\":\"Organization\",\"@id\":\"https:\\\/\\\/mei-schloeglhof.com\\\/#organization\",\"name\":\"Mei Schloeglhof\",\"url\":\"https:\\\/\\\/mei-schloeglhof.com\\\/\",\"logo\":{\"@type\":\"ImageObject\",\"inLanguage\":\"de\",\"@id\":\"https:\\\/\\\/mei-schloeglhof.com\\\/#\\\/schema\\\/logo\\\/image\\\/\",\"url\":\"https:\\\/\\\/mei-schloeglhof.com\\\/wp-content\\\/uploads\\\/2023\\\/05\\\/Logo_SH_04-23.png\",\"contentUrl\":\"https:\\\/\\\/mei-schloeglhof.com\\\/wp-content\\\/uploads\\\/2023\\\/05\\\/Logo_SH_04-23.png\",\"width\":1744,\"height\":1075,\"caption\":\"Mei Schloeglhof\"},\"image\":{\"@id\":\"https:\\\/\\\/mei-schloeglhof.com\\\/#\\\/schema\\\/logo\\\/image\\\/\"},\"sameAs\":[\"https:\\\/\\\/www.facebook.com\\\/profile.php?id=100087360406260\"]}]}<\/script>\n<!-- \/ Yoast SEO plugin. -->","yoast_head_json":{"title":"Bamgortn - Mei Schloeglhof","robots":{"index":"index","follow":"follow","max-snippet":"max-snippet:-1","max-image-preview":"max-image-preview:large","max-video-preview":"max-video-preview:-1"},"canonical":"https:\/\/mei-schloeglhof.com\/index.php\/baumgartn\/","og_locale":"de_DE","og_type":"article","og_title":"Bamgortn - Mei Schloeglhof","og_description":"Er wurde als Herzensprojekt von meinen Schwiegereltern Kundigunde und Rudolf angelegt \u2013 der Bamgortn. Er besteht aus 66 B\u00e4umen unterschiedlichen Alters, darunter unterschiedliche Apfelb\u00e4ume, n\u00e4mlich Sorten wie zum Beispiel Klarapfel, Jonathan, Grafensteiner, Bohnapfel aber auch Kirsch-, Weichsel-, Zwetschken-, und Kriecherlb\u00e4ume sowie ein Dirndlstrauch. Nat\u00fcrlich haben wir noch Dorschbirnenb\u00e4ume und weitere Obstb\u00e4ume f\u00fcr unseren Most und [&hellip;]","og_url":"https:\/\/mei-schloeglhof.com\/index.php\/baumgartn\/","og_site_name":"Mei Schloeglhof","article_publisher":"https:\/\/www.facebook.com\/profile.php?id=100087360406260","article_modified_time":"2023-03-09T20:35:00+00:00","og_image":[{"url":"https:\/\/mei-schloeglhof.com\/wp-content\/uploads\/2022\/12\/Edelbrand025x-1024x683.png","type":"","width":"","height":""}],"twitter_card":"summary_large_image","twitter_misc":{"Gesch\u00e4tzte Lesezeit":"1\u00a0Minute"},"schema":{"@context":"https:\/\/schema.org","@graph":[{"@type":"WebPage","@id":"https:\/\/mei-schloeglhof.com\/index.php\/baumgartn\/","url":"https:\/\/mei-schloeglhof.com\/index.php\/baumgartn\/","name":"Bamgortn - Mei Schloeglhof","isPartOf":{"@id":"https:\/\/mei-schloeglhof.com\/#website"},"primaryImageOfPage":{"@id":"https:\/\/mei-schloeglhof.com\/index.php\/baumgartn\/#primaryimage"},"image":{"@id":"https:\/\/mei-schloeglhof.com\/index.php\/baumgartn\/#primaryimage"},"thumbnailUrl":"https:\/\/mei-schloeglhof.com\/wp-content\/uploads\/2022\/12\/Edelbrand025x-1024x683.png","datePublished":"2022-12-01T07:12:36+00:00","dateModified":"2023-03-09T20:35:00+00:00","breadcrumb":{"@id":"https:\/\/mei-schloeglhof.com\/index.php\/baumgartn\/#breadcrumb"},"inLanguage":"de","potentialAction":[{"@type":"ReadAction","target":["https:\/\/mei-schloeglhof.com\/index.php\/baumgartn\/"]}]},{"@type":"ImageObject","inLanguage":"de","@id":"https:\/\/mei-schloeglhof.com\/index.php\/baumgartn\/#primaryimage","url":"https:\/\/mei-schloeglhof.com\/wp-content\/uploads\/2022\/12\/Edelbrand025x-e1673638228992.png","contentUrl":"https:\/\/mei-schloeglhof.com\/wp-content\/uploads\/2022\/12\/Edelbrand025x-e1673638228992.png","width":1500,"height":1000},{"@type":"BreadcrumbList","@id":"https:\/\/mei-schloeglhof.com\/index.php\/baumgartn\/#breadcrumb","itemListElement":[{"@type":"ListItem","position":1,"name":"Startseite","item":"https:\/\/mei-schloeglhof.com\/"},{"@type":"ListItem","position":2,"name":"Bamgortn"}]},{"@type":"WebSite","@id":"https:\/\/mei-schloeglhof.com\/#website","url":"https:\/\/mei-schloeglhof.com\/","name":"Mei Schloeglhof","description":"Regional einkaufen","publisher":{"@id":"https:\/\/mei-schloeglhof.com\/#organization"},"potentialAction":[{"@type":"SearchAction","target":{"@type":"EntryPoint","urlTemplate":"https:\/\/mei-schloeglhof.com\/?s={search_term_string}"},"query-input":{"@type":"PropertyValueSpecification","valueRequired":true,"valueName":"search_term_string"}}],"inLanguage":"de"},{"@type":"Organization","@id":"https:\/\/mei-schloeglhof.com\/#organization","name":"Mei Schloeglhof","url":"https:\/\/mei-schloeglhof.com\/","logo":{"@type":"ImageObject","inLanguage":"de","@id":"https:\/\/mei-schloeglhof.com\/#\/schema\/logo\/image\/","url":"https:\/\/mei-schloeglhof.com\/wp-content\/uploads\/2023\/05\/Logo_SH_04-23.png","contentUrl":"https:\/\/mei-schloeglhof.com\/wp-content\/uploads\/2023\/05\/Logo_SH_04-23.png","width":1744,"height":1075,"caption":"Mei Schloeglhof"},"image":{"@id":"https:\/\/mei-schloeglhof.com\/#\/schema\/logo\/image\/"},"sameAs":["https:\/\/www.facebook.com\/profile.php?id=100087360406260"]}]}},"_links":{"self":[{"href":"https:\/\/mei-schloeglhof.com\/index.php\/wp-json\/wp\/v2\/pages\/717","targetHints":{"allow":["GET"]}}],"collection":[{"href":"https:\/\/mei-schloeglhof.com\/index.php\/wp-json\/wp\/v2\/pages"}],"about":[{"href":"https:\/\/mei-schloeglhof.com\/index.php\/wp-json\/wp\/v2\/types\/page"}],"author":[{"embeddable":true,"href":"https:\/\/mei-schloeglhof.com\/index.php\/wp-json\/wp\/v2\/users\/1"}],"replies":[{"embeddable":true,"href":"https:\/\/mei-schloeglhof.com\/index.php\/wp-json\/wp\/v2\/comments?post=717"}],"version-history":[{"count":10,"href":"https:\/\/mei-schloeglhof.com\/index.php\/wp-json\/wp\/v2\/pages\/717\/revisions"}],"predecessor-version":[{"id":1295,"href":"https:\/\/mei-schloeglhof.com\/index.php\/wp-json\/wp\/v2\/pages\/717\/revisions\/1295"}],"wp:attachment":[{"href":"https:\/\/mei-schloeglhof.com\/index.php\/wp-json\/wp\/v2\/media?parent=717"}],"curies":[{"name":"wp","href":"https:\/\/api.w.org\/{rel}","templated":true}]}}